{"id":3800,"date":"2022-03-14T15:54:58","date_gmt":"2022-03-14T15:54:58","guid":{"rendered":"https:\/\/www.potez.com\/politique-de-confidentialite\/"},"modified":"2024-09-12T09:52:56","modified_gmt":"2024-09-12T09:52:56","slug":"politica-de-confidencialidad","status":"publish","type":"page","link":"https:\/\/www.potez.com\/es\/politica-de-confidencialidad\/","title":{"rendered":"Pol\u00edtica de confidencialidad"},"content":{"rendered":"\n<h2 class=\"wp-block-heading\">Introduction<\/h2>\n\n<p>Potez A\u00e9ronautique es un fabricante de aeroestructuras complejas y elementos de acondicionamiento de cabinas.&#13;\n&#13;\n<\/p>\n\n<p>La protecci\u00f3n de sus datos personales est\u00e1 en el centro de nuestras preocupaciones. Hacemos todo lo posible para proteger sus datos personales, de conformidad con la Ley de Protecci\u00f3n de Datos (Lil) y el Reglamento General de Protecci\u00f3n de Datos (RGPD).&#13;\n&#13;\n<\/p>\n\n<p>Nuestra Pol\u00edtica de Privacidad le informa sobre los prop\u00f3sitos y las condiciones en las que tratamos los datos personales que podemos recopilar en el curso de nuestras interacciones, la provisi\u00f3n de nuestros productos y servicios, el uso de los recursos que ponemos a disposici\u00f3n, nuestras redes sociales y los eventos que podamos iniciar o en los que participemos.&#13;\n&#13;\n<\/p>\n\n<p>Adem\u00e1s de la presente Pol\u00edtica de Privacidad, puede acceder a nuestra Pol\u00edtica de Gesti\u00f3n de Cookies, al pie de p\u00e1gina del sitio potez.com, que le informar\u00e1 sobre las condiciones y los prop\u00f3sitos del uso de archivos de cookies o datos de navegaci\u00f3n que puedan estar presentes en nuestro sitio web.&#13;\n&#13;\n\u00a0<\/p>\n\n<p>Le invitamos a leer nuestra Pol\u00edtica de Privacidad para informarse sobre el uso de sus datos, as\u00ed como sobre los derechos que puede ejercer en aplicaci\u00f3n de la normativa.&#13;\n&#13;\n\u00a0<\/p>\n\n<h2 class=\"wp-block-heading\">10-Modificaci\u00f3n de la Pol\u00edtica de privacidad<\/h2>\n\n<h3 class=\"wp-block-heading\" id=\"1-information-editeur\">1- Generalidades<\/h3>\n\n<p>Usted reconoce haber le\u00eddo nuestra Pol\u00edtica de Privacidad y haber aceptado nuestros Avisos Legales, disponibles al pie de p\u00e1gina, para cualquier uso del sitio potez.com, para la provisi\u00f3n de nuestros productos y servicios, y el uso de los recursos que ponemos a disposici\u00f3n.&#13;\n&#13;\n\u00a0<\/p>\n\n<p>En el contexto de la recopilaci\u00f3n y el tratamiento de sus datos personales con respecto a los productos y servicios que Potez A\u00e9ronautique pueda proporcionarle, la empresa Potez A\u00e9ronautique es el responsable del tratamiento en el sentido de la normativa.&#13;\n&#13;\n<\/p>\n\n<p>Los recursos digitales que ofrecemos pueden contener o utilizar enlaces que redirigen a sitios web, aplicaciones, productos o servicios operados por terceros (es decir, redes sociales, socios). Le recordamos que nuestra Pol\u00edtica de Privacidad no se aplica a estos terceros, sobre los cuales no tenemos control y de los que no podemos hacernos responsables. Le invitamos a familiarizarse con sus pol\u00edticas de privacidad.&#13;\n&#13;\n<\/p>\n\n<h3 class=\"wp-block-heading\" id=\"2-credits\">2- \u00bfQu\u00e9 datos personales se recopilan?<\/h3>\n\n<p>Podemos recopilar datos personales de: (i) nuestros formularios de contacto y consulta en l\u00ednea; (ii) nuestras interacciones escritas y orales, o con uno de nuestros proveedores\/socios en el marco de los productos y servicios que ofrecemos y proporcionamos; (iii) su uso de nuestros recursos; (iv) la provisi\u00f3n de productos y servicios de Potez A\u00e9ronautique; (v) la recepci\u00f3n de informaci\u00f3n en el contexto de la gesti\u00f3n de relaciones precontractuales y contractuales; (vi) su navegaci\u00f3n en nuestro sitio web; (vii) el ejercicio de sus derechos en virtud de la normativa.&#13;\n&#13;\n<\/p>\n\n<p>La informaci\u00f3n obligatoria solicitada durante la recopilaci\u00f3n se indica con un asterisco o de manera verbal, cuando la interacci\u00f3n se lleva a cabo por este medio. Sin proporcionar la informaci\u00f3n obligatoria, no podremos responder a su solicitud. Dependiendo de su uso de nuestros recursos, servicios y productos, as\u00ed como de los prop\u00f3sitos de sus interacciones con nosotros, es posible que recopilemos diferentes tipos de datos personales sobre usted: (i) su identidad, sus datos de contacto y la informaci\u00f3n que pueda proporcionarnos en el marco de sus solicitudes, o en la provisi\u00f3n de nuestros productos y servicios; (ii) datos relacionados con su uso de nuestros productos y servicios; (iii) comentarios e interacciones con nuestros servicios comerciales, clientes, etc.; (iv) informaci\u00f3n relacionada con el tr\u00e1fico y el uso de nuestros recursos digitales, informaci\u00f3n que nos proporciona desde una red social; (v) informaci\u00f3n que recopilamos de usted en el contexto de los eventos que organizamos.&#13;\n&#13;\n<\/p>\n\n<h3 class=\"wp-block-heading\" id=\"3-propriete-intellectuelle-et-droits-d-utilisation\">3-\u00bfC\u00f3mo utilizamos y conservamos los datos personales?<\/h3>\n\n<p>Recopilamos y utilizamos sus datos personales para los fines principales descritos en la siguiente tabla. Conservamos sus datos personales durante el tiempo necesario para cumplir con los fines previstos, teniendo en cuenta las prescripciones y autorizaciones de las leyes y reglamentos.&#13;\n&#13;\n<\/p>\n\n<p>Las duraciones m\u00e1ximas de conservaci\u00f3n son aplicables, siempre que solicite la eliminaci\u00f3n de sus datos personales por un motivo compatible con las leyes y reglamentos aplicables a nuestros servicios y productos.&#13;\n&#13;\n<\/p>\n\n<figure class=\"wp-block-table aligncenter\"><table><tbody><tr><td class=\"has-text-align-center\" data-align=\"center\">Fines<\/td><td class=\"has-text-align-center\" data-align=\"center\">Categor\u00eda de datos tratados<\/td><td class=\"has-text-align-center\" data-align=\"center\">Duraci\u00f3n de conservaci\u00f3n<\/td><\/tr><tr><td class=\"has-text-align-center\" data-align=\"center\">Responder a sus solicitudes y proporcionarle informaci\u00f3n&#13;\n&#13;\n\u00a0<\/td><td class=\"has-text-align-center\" data-align=\"center\">Datos relacionados con su identificaci\u00f3n y los elementos relacionados con su solicitud y la respuesta proporcionada.&#13;\n&#13;\n<\/td><td class=\"has-text-align-center\" data-align=\"center\">Conservaci\u00f3n durante el tiempo necesario para el tratamiento de su solicitud y como m\u00e1ximo 1 a\u00f1o&#13;\n&#13;\n<\/td><\/tr><tr><td class=\"has-text-align-center\" data-align=\"center\">Prospecci\u00f3n comercial y env\u00edo de noticias\/informaci\u00f3n a clientes y prospectos&#13;\n&#13;\n\u00a0<\/td><td class=\"has-text-align-center\" data-align=\"center\">Datos relacionados con su identificaci\u00f3n y vida profesional&#13;\n&#13;\n<\/td><td class=\"has-text-align-center\" data-align=\"center\">Conservaci\u00f3n durante 3 a\u00f1os a partir del final de nuestra relaci\u00f3n contractual con un cliente y a partir del \u00faltimo contacto iniciado por un prospecto o eliminaci\u00f3n tras la retirada del consentimiento del prospecto&#13;\n&#13;\n&#13;\n&#13;\n&#13;\n&#13;\n&#13;\n<\/td><\/tr><tr><td class=\"has-text-align-center\" data-align=\"center\"><strong>Provisi\u00f3n de nuestros productos y servicios<\/strong>&#13;\n&#13;\n\u00a0<\/td><td class=\"has-text-align-center\" data-align=\"center\">Datos relacionados con su identificaci\u00f3n, el contrato y su vida profesional.&#13;\n&#13;\n<\/td><td class=\"has-text-align-center\" data-align=\"center\">Conservaci\u00f3n de los datos personales relacionados con la relaci\u00f3n con el cliente durante la duraci\u00f3n de la relaci\u00f3n contractual, y luego 5 a\u00f1os despu\u00e9s del final de la relaci\u00f3n contractual.&#13;\n&#13;\n<\/td><\/tr><tr><td class=\"has-text-align-center\" data-align=\"center\"><strong>Gesti\u00f3n de las compras de nuestros productos y servicios, su pago<\/strong>&#13;\n&#13;\n\u00a0<\/td><td class=\"has-text-align-center\" data-align=\"center\">Datos relacionados con su identificaci\u00f3n, compras y pagos.<\/td><td class=\"has-text-align-center\" data-align=\"center\">Conservaci\u00f3n durante 10 a\u00f1os a partir del \u00faltimo evento.<\/td><\/tr><tr><td class=\"has-text-align-center\" data-align=\"center\"><strong>Realizaci\u00f3n de encuestas de uso y satisfacci\u00f3n<\/strong>&#13;\n&#13;\n\u00a0<\/td><td class=\"has-text-align-center\" data-align=\"center\">Datos relacionados con su identificaci\u00f3n y satisfacci\u00f3n con nuestros productos y servicios.&#13;\n&#13;\n<\/td><td class=\"has-text-align-center\" data-align=\"center\">Anonimizaci\u00f3n de las respuestas tras la realizaci\u00f3n y estudio de la encuesta.<\/td><\/tr><tr><td class=\"has-text-align-center\" data-align=\"center\"><strong>Gesti\u00f3n de reclamaciones<\/strong>&#13;\n&#13;\n\u00a0<\/td><td class=\"has-text-align-center\" data-align=\"center\">Datos relacionados con su identificaci\u00f3n y los elementos relacionados con su solicitud y la respuesta proporcionada.&#13;\n&#13;\n<\/td><td class=\"has-text-align-center\" data-align=\"center\">Conservaci\u00f3n durante 5 a\u00f1os a partir de la solicitud y su tratamiento.<\/td><\/tr><tr><td class=\"has-text-align-center\" data-align=\"center\"><strong>Gesti\u00f3n de solicitudes de ejercicio de derechos e informaci\u00f3n en virtud de la normativa<\/strong>&#13;\n&#13;\n\u00a0<\/td><td class=\"has-text-align-center\" data-align=\"center\">Datos relacionados con su identificaci\u00f3n y los elementos relacionados con su solicitud y la respuesta proporcionada.&#13;\n&#13;\n<\/td><td class=\"has-text-align-center\" data-align=\"center\">Conservaci\u00f3n durante 5 a\u00f1os a partir de la solicitud y su tratamiento.<\/td><\/tr><tr><td class=\"has-text-align-center\" data-align=\"center\"><strong>Gesti\u00f3n del precontencioso y contencioso, constituci\u00f3n de pruebas<\/strong>&#13;\n&#13;\n\u00a0<\/td><td class=\"has-text-align-center\" data-align=\"center\">Datos necesarios para el procedimiento.<\/td><td class=\"has-text-align-center\" data-align=\"center\">Conservaci\u00f3n durante la duraci\u00f3n del procedimiento.<\/td><\/tr><tr><td class=\"has-text-align-center\" data-align=\"center\"><strong>Gesti\u00f3n de cookies y medici\u00f3n de audiencia de nuestro sitio<\/strong>&#13;\n&#13;\n\u00a0<\/td><td class=\"has-text-align-center\" data-align=\"center\">Cookies<\/td><td class=\"has-text-align-center\" data-align=\"center\">Conservaci\u00f3n especificada en nuestra Pol\u00edtica de gesti\u00f3n de cookies disponible en el pie de p\u00e1gina del sitio.&#13;\n&#13;\n<\/td><\/tr><tr><td class=\"has-text-align-center\" data-align=\"center\"><strong>Gesti\u00f3n del reclutamiento de nuestro personal y constituci\u00f3n de una base de datos de CV<\/strong>&#13;\n&#13;\n\u00a0&#13;\n&#13;\n\u00a0<\/td><td class=\"has-text-align-center\" data-align=\"center\">Datos relacionados con su identificaci\u00f3n y su vida profesional y personal (CV, etc.).&#13;\n&#13;\n<\/td><td class=\"has-text-align-center\" data-align=\"center\">Conservaci\u00f3n durante el per\u00edodo de selecci\u00f3n del reclutamiento, luego como m\u00e1ximo 2 a\u00f1os, para contactarle y ofrecerle nuevas oportunidades de reclutamiento, salvo negativa de su parte.&#13;\n&#13;\n<\/td><\/tr><\/tbody><\/table><\/figure>\n\n<p><\/p>\n\n<h3 class=\"wp-block-heading\" id=\"4-cookies\">4-\u00bfSobre qu\u00e9 bases legales tratamos los datos personales?<\/h3>\n\n<p>De acuerdo con la normativa, el tratamiento de sus datos personales se realiza sobre la base de un fundamento legal previsto por la normativa, tales como medidas precontractuales o de ejecuci\u00f3n de un contrato, su consentimiento, nuestro inter\u00e9s leg\u00edtimo, o una obligaci\u00f3n legal.&#13;\n&#13;\n<\/p>\n\n<figure class=\"wp-block-table\"><table><tbody><tr><td><strong>Finalidades de los tratamientos basadas en la ejecuci\u00f3n de medidas precontractuales o contractuales<\/strong><\/td><td><ul>&#13;\n \t<li>Responder a sus solicitudes y proporcionarle informaci\u00f3n.<\/li>&#13;\n \t<li>Provisi\u00f3n de nuestros productos y servicios.<\/li>&#13;\n \t<li>Gesti\u00f3n de las compras de nuestros productos y servicios, su pago.<\/li>&#13;\n \t<li>Gesti\u00f3n de reclamaciones.<\/li>&#13;\n<\/ul><\/td><\/tr><tr><td><strong>Finalidades de los tratamientos basadas en su consentimiento<\/strong><\/td><td><ul>&#13;\n \t<li>Prospecci\u00f3n comercial y env\u00edo de novedades\/informaciones a clientes y prospectos.<\/li>&#13;\n \t<li>Realizaci\u00f3n de encuestas de uso y satisfacci\u00f3n.<\/li>&#13;\n \t<li>Gesti\u00f3n de cookies y medici\u00f3n de audiencia de nuestro sitio, excepto para las cookies t\u00e9cnicas necesarias para el funcionamiento de nuestro sitio.<\/li>&#13;\n<\/ul><\/td><\/tr><tr><td><strong>Finalidades de los tratamientos basadas en nuestro inter\u00e9s leg\u00edtimo<\/strong><\/td><td><ul>&#13;\n \t<li>Gesti\u00f3n del reclutamiento de nuestro personal y constituci\u00f3n de una base de datos de CV.<\/li>&#13;\n \t<li>Gesti\u00f3n del precontencioso y contencioso, constituci\u00f3n de pruebas.<\/li>&#13;\n<\/ul><\/td><\/tr><tr><td><strong>Finalidades de los tratamientos basadas en una obligaci\u00f3n legal<\/strong><\/td><td>Gesti\u00f3n de las solicitudes de ejercicio de derechos e informaci\u00f3n en virtud de la normativa.&#13;\n<\/td><\/tr><\/tbody><\/table><\/figure>\n\n<p><\/p>\n\n<h3 class=\"wp-block-heading\">5-\u00bfA qui\u00e9n se transmiten los datos personales?<\/h3>\n\n<p>Los datos personales que recopilamos est\u00e1n destinados principalmente a Potez A\u00e9ronautique y sus servicios competentes para responder a sus solicitudes. Podemos compartir sus datos personales con ciertas entidades del Grupo Potez, para garantizar la continuidad de nuestros servicios y productos.&#13;\n&#13;\n<\/p>\n\n<p>Podemos comunicar sus datos personales a nuestros proveedores y subcontratistas, ubicados dentro o fuera de la Uni\u00f3n Europea, en el marco de nuestros intercambios, de la provisi\u00f3n de nuestros productos y servicios, del uso de los recursos que ponemos a disposici\u00f3n, del reclutamiento de nuestro personal. En todas las circunstancias, nos aseguramos de que estos destinatarios presenten las garant\u00edas de confidencialidad y seguridad adecuadas, conforme a la normativa. Cuando se realicen transferencias de datos personales fuera de la Uni\u00f3n Europea, estar\u00e1n reguladas por los mecanismos previstos a tal efecto por la normativa.&#13;\n&#13;\n<\/p>\n\n<p>Tambi\u00e9n podemos comunicar sus datos a personas y organismos autorizados a recibir estos datos, por motivos legales, en el caso de que estemos obligados a cumplir con las leyes y reglamentos, las solicitudes y \u00f3rdenes legales o si est\u00e1 permitido por la ley.&#13;\n&#13;\n<\/p>\n\n<p>Podemos compartir ciertos datos seud\u00f3nimos, que no contienen ning\u00fan elemento de identificaci\u00f3n directa, en relaci\u00f3n con las cookies y rastreadores recopilados y procesados por socios, siendo estos \u00faltimos responsables independientes del tratamiento en relaci\u00f3n con los tratamientos realizados.&#13;\n&#13;\n<\/p>\n\n<p>Finalmente, y si usted ha dado su consentimiento formal, podemos transmitir algunos de sus datos a socios comerciales.&#13;\n&#13;\n&#13;\n&#13;\n&#13;\n&#13;\n&#13;\n<\/p>\n\n<h3 class=\"wp-block-heading\">6-La seguridad de los datos personales<\/h3>\n\n<p>Tomamos todas las precauciones necesarias para preservar la seguridad de los datos personales recopilados y tratados, y para evitar que sean alterados, da\u00f1ados o que terceros no autorizados accedan a ellos, todo ello de acuerdo con la normativa. Para ello, implementamos las medidas organizativas y t\u00e9cnicas necesarias y nos aseguramos del compromiso de nuestros subcontratistas en este sentido.&#13;\n&#13;\n<\/p>\n\n<p>Aunque implementamos todas las medidas posibles para proteger los datos personales, no podemos garantizar la seguridad de la informaci\u00f3n transmitida por Internet, cuando una falla de seguridad afecta a su terminal o navegador.&#13;\n&#13;\n<\/p>\n\n<h3 class=\"wp-block-heading\">7-\u00bfCu\u00e1les son sus derechos sobre sus datos personales?<\/h3>\n\n<p>De acuerdo con la normativa, usted tiene derecho a: (i) acceso, para verificar sus datos; (ii) rectificaci\u00f3n, para actualizar o corregir sus datos cuando est\u00e9n incompletos o inexactos; (iii) eliminaci\u00f3n, especialmente cuando sus datos personales ya no sean necesarios en relaci\u00f3n con los fines para los cuales fueron recopilados o tratados, o cuando retire su consentimiento para el tratamiento de sus datos personales recopilados sobre esta base; (iv) limitaci\u00f3n, que le permite congelar temporalmente el uso de sus datos personales, especialmente durante el ejercicio del derecho de rectificaci\u00f3n, durante el per\u00edodo de verificaci\u00f3n de la exactitud de sus datos; (v) oposici\u00f3n al tratamiento de sus datos personales, por motivos relacionados con su situaci\u00f3n particular. En este caso, no trataremos sus datos a menos que demostremos la existencia de motivos leg\u00edtimos imperiosos para el tratamiento que prevalezcan sobre los intereses y derechos y libertades de la persona interesada, o para la constataci\u00f3n, el ejercicio o la defensa de derechos en procedimientos legales. En el caso de prospecci\u00f3n comercial, puede oponerse sin motivo; (vi) portabilidad, que le permite solicitarnos la transmisi\u00f3n de los datos personales que nos ha proporcionado sobre la base de su consentimiento o un contrato, en un formato estructurado, de uso com\u00fan y lectura mec\u00e1nica; (vii) retirar su consentimiento, cuando sus datos personales son recopilados y tratados sobre esta base; (viii) presentar una reclamaci\u00f3n ante la CNIL; (ix) definir el destino p\u00f3stumo de sus datos.&#13;\n&#13;\n<\/p>\n\n<p>Puede ejercer estos derechos mediante una solicitud escrita dirigida a nosotros a las direcciones mencionadas en la siguiente secci\u00f3n &#8220;Cont\u00e1ctenos&#8221;, acompa\u00f1ada de una prueba de identidad. Nos esforzaremos por responder a sus solicitudes lo antes posible y en las condiciones previstas por la normativa.&#13;\n&#13;\n<\/p>\n\n<h3 class=\"wp-block-heading\">8-\u00bfC\u00f3mo se gestionan las cookies?<\/h3>\n\n<p>La gesti\u00f3n de las cookies se detalla en la Pol\u00edtica de gesti\u00f3n de cookies disponible en el pie de p\u00e1gina del sitio.&#13;\n&#13;\n\u00a0<\/p>\n\n<h3 class=\"wp-block-heading\">9- Cont\u00e1ctenos<\/h3>\n\n<p>Para ejercer sus derechos o para cualquier solicitud relacionada con nuestra Pol\u00edtica de privacidad, le invitamos a contactarnos por correo postal a Potez A\u00e9ronautique, Donn\u00e9es personnelles, 8 Route du Houga &#8211; 40800 Aire sur l&#8217;Adour &#8211; France, o por correo electr\u00f3nico a donn\u00e9espersonnelles@potez.com.&#13;\n&#13;\n&#13;\n&#13;\n&#13;\n&#13;\n<\/p>\n\n<p>DPO d\u00e9sign\u00e9 : DIPEEO&#13;\nAdresse e-mail : <a href=\"mailto:rh-dpo@potez.com\" target=\"_blank\" rel=\"noreferrer noopener\">contact<\/a>@dipeeo.com \/ n\u00b0 : 01 59 06 81 85<\/p>\n\n<h3 class=\"wp-block-heading\"><\/h3>\n\n<h3 class=\"wp-block-heading\"><strong>Pol\u00edtica dirigida a los candidatos<\/strong><\/h3>\n\n<p>\u00bfCu\u00e1l es la utilidad de nuestra Pol\u00edtica de Privacidad? <\/p>\n\n<p>La confidencialidad de los datos personales de los candidatos a un puesto en SAS POTEZ AERONAUTIQUE representa, para nosotros, una garant\u00eda de seriedad y confianza. En este sentido, nuestra Pol\u00edtica de Privacidad de los datos personales refleja precisamente nuestro compromiso de respetar, en SAS POTEZ AERONAUTIQUE, las normas aplicables en materia de protecci\u00f3n de datos personales, especialmente las del Reglamento General de Protecci\u00f3n de Datos (&#8220;RGPD&#8221;). En particular, nuestra Pol\u00edtica de Privacidad tiene como objetivo informarle sobre c\u00f3mo y por qu\u00e9 tratamos sus datos personales en el marco de los servicios que le brindamos.<\/p>\n\n<p>\u00a0<\/p>\n\n<p>\u00a0<\/p>\n\n<h2 class=\"wp-block-heading\">\u00bfA qui\u00e9n est\u00e1 dirigida nuestra Pol\u00edtica de Privacidad? <\/h2>\n\n<p>La Politique de confidentialit\u00e9 s\u2019adresse \u00e0 <strong>vous<\/strong>, qui \u00eates candidat \u00e0 un poste au sein de SAS POTEZ AERONAUTIQUE, pendant tout le <strong>processus de recrutement<\/strong> (ex : candidature \u00e0 une offre, candidature spontan\u00e9e, recrutement via un cabinet e&#13;\n&#13;\nLa Pol\u00edtica de Privacidad est\u00e1 dirigida a usted, que es candidato a un puesto en SAS POTEZ AERONAUTIQUE, durante todo el proceso de reclutamiento (por ejemplo: candidatura a una oferta, candidatura espont\u00e1nea, reclutamiento a trav\u00e9s de una agencia externa, etc.), independientemente de la duraci\u00f3n o naturaleza del contrato propuesto (por ejemplo: puesto de empleado, trabajador temporal, pasante, etc.).&#13;\n&#13;\nxterne, etc.), quelle que soit la dur\u00e9e ou la nature du contrat propos\u00e9 (ex : poste de salari\u00e9, int\u00e9rimaire, stagiaire, etc.).<\/p>\n\n<h2 class=\"wp-block-heading\">\u00bfPor qu\u00e9 tratamos sus datos personales y en qu\u00e9 fundamento? <\/h2>\n\n<p>Como reclutadores, estamos necesariamente obligados a tratar sus datos para gestionar los reclutamientos (por ejemplo: entrevistas, tratamiento de candidaturas, negociaci\u00f3n salarial, etc.), los posibles desplazamientos que puedan tener lugar en el marco de estos reclutamientos y la seguridad de nuestras instalaciones. Los tratamientos se realizan sobre la base de las discusiones que mantenemos con usted durante el proceso de reclutamiento y de nuestro inter\u00e9s leg\u00edtimo en reclutar y seleccionar candidatos.<\/p>\n\n<p>\u00a0<\/p>\n\n<h2 class=\"wp-block-heading\">\u00bfC\u00f3mo obtuvimos sus datos personales? <\/h2>\n\n<p>Sus datos se recopilan directamente de usted a trav\u00e9s de su candidatura y su CV, y nos comprometemos a tratarlos \u00fanicamente para los fines descritos anteriormente. Sin embargo, tambi\u00e9n podemos obtener sus datos personales indirectamente de agencias de reclutamiento si ha dado su consentimiento previo a estas.<\/p>\n\n<p> <\/p>\n\n<h2 class=\"wp-block-heading\">  <\/h2>\n\n<p>\u00bfQu\u00e9 datos personales tratamos y durante cu\u00e1nto tiempo? <\/p>\n\n<ul class=\"wp-block-list\">\n<li><ul>&#13;\n \t<li>los datos de identificaci\u00f3n personal y profesional proporcionados en el CV y la carta de presentaci\u00f3n del candidato (por ejemplo: nombre, apellido, fecha de nacimiento, nacionalidad, etc.) se conservan durante todo el proceso de reclutamiento y por un per\u00edodo m\u00e1ximo de 2 a\u00f1os despu\u00e9s de su candidatura.<\/li>&#13;\n<\/ul><\/li>\n\n\n\n<li><ul>&#13;\n \t<li>los datos de contacto proporcionados en el CV y la carta de presentaci\u00f3n del candidato (por ejemplo: correo electr\u00f3nico, tel\u00e9fono, enlace de LinkedIn, etc.) se conservan durante todo el proceso de reclutamiento y por un per\u00edodo m\u00e1ximo de 2 a\u00f1os despu\u00e9s de su candidatura.<\/li>&#13;\n<\/ul><\/li>\n\n\n\n<li><ul>&#13;\n \t<li>los datos relacionados con la vida personal y profesional proporcionados en el CV y la carta de presentaci\u00f3n del candidato (por ejemplo: diplomas, pasatiempos, certificados, edad, estado civil, carnet de conducir, etc.) se conservan durante todo el proceso de reclutamiento y por un per\u00edodo m\u00e1ximo de 2 a\u00f1os despu\u00e9s de su candidatura.<\/li>&#13;\n<\/ul><\/li>\n\n\n\n<li><ul>&#13;\n \t<li>los datos econ\u00f3micos y financieros (por ejemplo: salarios, bonificaciones, etc.) proporcionados durante las entrevistas de trabajo se conservan durante todo el proceso de reclutamiento y por un per\u00edodo m\u00e1ximo de 2 a\u00f1os despu\u00e9s de su candidatura.<\/li>&#13;\n<\/ul><\/li>\n\n\n\n<li><ul>&#13;\n \t<li>los datos espec\u00edficos (por ejemplo: permiso de residencia, etc.) proporcionados por el candidato en el marco del reclutamiento se conservan hasta el final de la relaci\u00f3n laboral en caso de contrataci\u00f3n y se eliminan despu\u00e9s del proceso de reclutamiento en caso de rechazo.<\/li>&#13;\n<\/ul><\/li>\n\n\n\n<li><ul>&#13;\n \t<li>los datos particulares pertinentes y requeridos (por ejemplo: situaci\u00f3n de discapacidad) proporcionados en el CV y la carta de presentaci\u00f3n del candidato se conservan durante todo el proceso de reclutamiento y se eliminan al final del proceso de reclutamiento.<\/li>&#13;\n<\/ul><\/li>\n\n\n\n<li><ul>&#13;\n \t<li>los documentos de identidad (por ejemplo: pasaporte o tarjeta de identidad) proporcionados en el proceso de reclutamiento se eliminan despu\u00e9s de la decisi\u00f3n de contrataci\u00f3n, ya sea que el candidato sea contratado o no.<\/li>&#13;\n<\/ul><\/li>\n\n\n\n<li><ul>&#13;\n \t<li>si ha presentado su candidatura a trav\u00e9s de nuestro sitio web, los datos de conexi\u00f3n (por ejemplo: direcci\u00f3n IP y registros) se conservan durante un per\u00edodo m\u00e1ximo de 12 meses.<\/li>&#13;\n<\/ul><\/li>\n<\/ul>\n\n<p>Al vencimiento de los plazos de conservaci\u00f3n aplicables, la eliminaci\u00f3n de sus datos personales es irreversible y no podremos proporcion\u00e1rselos una vez transcurrido dicho plazo. Como m\u00e1ximo, solo podremos conservar datos an\u00f3nimos con fines estad\u00edsticos. Sin embargo, en caso de contrataci\u00f3n, los datos recopilados durante el proceso de reclutamiento se transfieren autom\u00e1ticamente a su expediente personal y quedan sujetos a la Pol\u00edtica de Privacidad de Datos de los empleados. Tenga en cuenta tambi\u00e9n que, en caso de litigio, estamos obligados a conservar todos los datos personales que le conciernen durante todo el tiempo que dure el caso, incluso despu\u00e9s del vencimiento de los plazos de conservaci\u00f3n descritos anteriormente.<\/p>\n\n<p>\u00a0<\/p>\n\n<p>\u00a0<\/p>\n\n<h2 class=\"wp-block-heading\">\u00bfQu\u00e9 derechos tiene para controlar el uso de sus datos personales? <\/h2>\n\n<p>La normativa aplicable en materia de protecci\u00f3n de datos le otorga derechos espec\u00edficos que puede ejercer en cualquier momento y de forma gratuita para controlar el uso que hacemos de sus datos:<\/p>\n\n<ul class=\"wp-block-list\">\n<li><ul>&#13;\n \t<li>Derecho de acceso y copia de sus datos personales, siempre que esta solicitud no contravenga el secreto empresarial, la confidencialidad o el secreto de las comunicaciones.<\/li>&#13;\n<\/ul><\/li>\n\n\n\n<li><ul>&#13;\n \t<li>Derecho a rectificar datos personales que sean incorrectos, obsoletos o incompletos.<\/li>&#13;\n<\/ul><\/li>\n\n\n\n<li><ul>&#13;\n \t<li>Derecho a oponerse al tratamiento de sus datos personales con fines de prospecci\u00f3n comercial.<\/li>&#13;\n<\/ul><\/li>\n\n\n\n<li><ul>&#13;\n \t<li>Derecho a solicitar la eliminaci\u00f3n (&#8220;derecho al olvido&#8221;) de sus datos personales que no sean esenciales para el correcto funcionamiento de nuestros servicios.<\/li>&#13;\n<\/ul><\/li>\n\n\n\n<li><ul>&#13;\n \t<li>Derecho a la limitaci\u00f3n de sus datos personales, lo que permite documentar el uso de sus datos en caso de disputa sobre la legitimidad de un tratamiento.<\/li>&#13;\n<\/ul><\/li>\n\n\n\n<li>Droit \u00e0 la <strong>portabilit\u00e9<\/strong> de vos donn\u00e9es qui vous permet de r\u00e9cup\u00e9rer une partie de vos donn\u00e9es personnelles afin de les stocker ou les transmettre facilement d\u2019un syst\u00e8me d\u2019information \u00e0 un autre.<\/li>\n\n\n\n<li>Derecho a dar instrucciones sobre el destino de sus datos en caso de fallecimiento, ya sea directamente a trav\u00e9s de usted o a trav\u00e9s de un tercero de confianza o un heredero.<\/li>\n<\/ul>\n\n<p>Para que una solicitud sea tenida en cuenta, es imprescindible que la realice directamente a la direcci\u00f3n dpo@potez.com. Cualquier solicitud que no se realice de esta manera no puede ser procesada. Las solicitudes no pueden provenir de ninguna otra persona que no sea usted. Por lo tanto, podemos solicitar una prueba de identidad si hay dudas sobre la identidad del solicitante. Responderemos a su solicitud lo antes posible, con un plazo m\u00e1ximo de tres meses a partir de su recepci\u00f3n, en caso de que la solicitud sea t\u00e9cnicamente compleja o si recibimos numerosas solicitudes al mismo tiempo. Tenga en cuenta que siempre podemos negarnos a responder a cualquier solicitud excesiva o infundada, especialmente en cuanto a su car\u00e1cter repetitivo.<\/p>\n\n<p>\u00a0<\/p>\n\n<p>\u00a0<\/p>\n\n<p>\u00a0<\/p>\n\n<h2 class=\"wp-block-heading\">\u00bfQui\u00e9n puede tener acceso a sus datos personales? <\/h2>\n\n<p>Sus datos personales son tratados por nuestros equipos \u00fanicamente con el fin de gestionar las candidaturas.<\/p>\n\n<h2 class=\"wp-block-heading\">\u00bfPueden sus datos personales ser transferidos fuera de la Uni\u00f3n Europea?<\/h2>\n\n<p>Los datos personales tratados en el contexto de los reclutamientos se alojan exclusivamente dentro de la Uni\u00f3n Europea.<\/p>\n\n<h2 class=\"wp-block-heading\">\u00bfC\u00f3mo protegemos sus datos personales?<\/h2>\n\n<p>Implementamos todos los medios t\u00e9cnicos y organizativos necesarios para garantizar la seguridad de sus datos a diario y, en particular, para prevenir cualquier riesgo de destrucci\u00f3n, p\u00e9rdida, alteraci\u00f3n o divulgaci\u00f3n no autorizada de sus datos (por ejemplo: accesos seguros, antivirus, etc.).<\/p>\n\n<h2 class=\"wp-block-heading\">\u00bfCon qui\u00e9n puede ponerse en contacto para obtener m\u00e1s informaci\u00f3n?<\/h2>\n\n<p>Nuestro Delegado de Protecci\u00f3n de Datos (&#8220;DPO&#8221;) est\u00e1 siempre a su disposici\u00f3n para explicarle con m\u00e1s detalle c\u00f3mo tratamos sus datos y para responder a sus preguntas sobre el tema en la siguiente direcci\u00f3n: dpo@potez.com.<\/p>\n\n<h2 class=\"wp-block-heading\">\u00bfC\u00f3mo puede ponerse en contacto con la CNIL?<\/h2>\n\n<p>Puede ponerse en contacto en cualquier momento con la &#8220;Commission nationale de l&#8217;informatique et des libert\u00e9s&#8221; o &#8220;CNIL&#8221; en las siguientes coordenadas: Servicio de Quejas de la CNIL, 3 Place de Fontenoy \u2013 TSA 80751, 75334 Par\u00eds Cedex 07 o por tel\u00e9fono al 01.53.73.22.22.<\/p>\n\n<h2 class=\"wp-block-heading\">  <\/h2>\n\n<p>\u00bfCu\u00e1l es la utilidad de nuestra Pol\u00edtica de Privacidad? <\/p>\n\n<p>La confidencialidad de los datos personales de los candidatos a un puesto en SAS POTEZ AERONAUTIQUE representa, para nosotros, una garant\u00eda de seriedad y confianza. En este sentido, nuestra Pol\u00edtica de Privacidad de los datos personales refleja precisamente nuestro compromiso de respetar, en SAS POTEZ AERONAUTIQUE, las normas aplicables en materia de protecci\u00f3n de datos personales, especialmente las del Reglamento General de Protecci\u00f3n de Datos (&#8220;RGPD&#8221;). En particular, nuestra Pol\u00edtica de Privacidad tiene como objetivo informarle sobre c\u00f3mo y por qu\u00e9 tratamos sus datos personales en el marco de los servicios que le brindamos.<\/p>\n\n<p>\u00a0<\/p>\n\n<p>\u00a0<\/p>\n\n<h2 class=\"wp-block-heading\">\u00bfA qui\u00e9n est\u00e1 dirigida nuestra Pol\u00edtica de Privacidad? <\/h2>\n\n<p>La Politique de confidentialit\u00e9 s\u2019adresse \u00e0 <strong>vous<\/strong>, qui \u00eates candidat \u00e0 un poste au sein de SAS POTEZ AERONAUTIQUE, pendant tout le <strong>processus de recrutement<\/strong> (ex : candidature \u00e0 une offre, candidature spontan\u00e9e, recrutement via un cabinet e&#13;\n&#13;\nLa Pol\u00edtica de Privacidad est\u00e1 dirigida a usted, que es candidato a un puesto en SAS POTEZ AERONAUTIQUE, durante todo el proceso de reclutamiento (por ejemplo: candidatura a una oferta, candidatura espont\u00e1nea, reclutamiento a trav\u00e9s de una agencia externa, etc.), independientemente de la duraci\u00f3n o naturaleza del contrato propuesto (por ejemplo: puesto de empleado, trabajador temporal, pasante, etc.).&#13;\n&#13;\nxterne, etc.), quelle que soit la dur\u00e9e ou la nature du contrat propos\u00e9 (ex : poste de salari\u00e9, int\u00e9rimaire, stagiaire, etc.).<\/p>\n\n<h2 class=\"wp-block-heading\">\u00bfPor qu\u00e9 tratamos sus datos personales y en qu\u00e9 fundamento? <\/h2>\n\n<p>Como reclutadores, estamos necesariamente obligados a tratar sus datos para gestionar los reclutamientos (por ejemplo: entrevistas, tratamiento de candidaturas, negociaci\u00f3n salarial, etc.), los posibles desplazamientos que puedan tener lugar en el marco de estos reclutamientos y la seguridad de nuestras instalaciones. Los tratamientos se realizan sobre la base de las discusiones que mantenemos con usted durante el proceso de reclutamiento y de nuestro inter\u00e9s leg\u00edtimo en reclutar y seleccionar candidatos.<\/p>\n\n<p>\u00a0<\/p>\n\n<h2 class=\"wp-block-heading\">\u00bfC\u00f3mo obtuvimos sus datos personales? <\/h2>\n\n<p>Sus datos se recopilan directamente de usted a trav\u00e9s de su candidatura y su CV, y nos comprometemos a tratarlos \u00fanicamente para los fines descritos anteriormente. Sin embargo, tambi\u00e9n podemos obtener sus datos personales indirectamente de agencias de reclutamiento si ha dado su consentimiento previo a estas.<\/p>\n\n<p> <\/p>\n\n<h2 class=\"wp-block-heading\">  <\/h2>\n\n<p>\u00bfQu\u00e9 datos personales tratamos y durante cu\u00e1nto tiempo? <\/p>\n\n<ul class=\"wp-block-list\">\n<li><ul>&#13;\n \t<li>los datos de identificaci\u00f3n personal y profesional proporcionados en el CV y la carta de presentaci\u00f3n del candidato (por ejemplo: nombre, apellido, fecha de nacimiento, nacionalidad, etc.) se conservan durante todo el proceso de reclutamiento y por un per\u00edodo m\u00e1ximo de 2 a\u00f1os despu\u00e9s de su candidatura.<\/li>&#13;\n<\/ul><\/li>\n\n\n\n<li><ul>&#13;\n \t<li>los datos de contacto proporcionados en el CV y la carta de presentaci\u00f3n del candidato (por ejemplo: correo electr\u00f3nico, tel\u00e9fono, enlace de LinkedIn, etc.) se conservan durante todo el proceso de reclutamiento y por un per\u00edodo m\u00e1ximo de 2 a\u00f1os despu\u00e9s de su candidatura.<\/li>&#13;\n<\/ul><\/li>\n\n\n\n<li><ul>&#13;\n \t<li>los datos relacionados con la vida personal y profesional proporcionados en el CV y la carta de presentaci\u00f3n del candidato (por ejemplo: diplomas, pasatiempos, certificados, edad, estado civil, carnet de conducir, etc.) se conservan durante todo el proceso de reclutamiento y por un per\u00edodo m\u00e1ximo de 2 a\u00f1os despu\u00e9s de su candidatura.<\/li>&#13;\n<\/ul><\/li>\n\n\n\n<li><ul>&#13;\n \t<li>los datos econ\u00f3micos y financieros (por ejemplo: salarios, bonificaciones, etc.) proporcionados durante las entrevistas de trabajo se conservan durante todo el proceso de reclutamiento y por un per\u00edodo m\u00e1ximo de 2 a\u00f1os despu\u00e9s de su candidatura.<\/li>&#13;\n<\/ul><\/li>\n\n\n\n<li><ul>&#13;\n \t<li>los datos espec\u00edficos (por ejemplo: permiso de residencia, etc.) proporcionados por el candidato en el marco del reclutamiento se conservan hasta el final de la relaci\u00f3n laboral en caso de contrataci\u00f3n y se eliminan despu\u00e9s del proceso de reclutamiento en caso de rechazo.<\/li>&#13;\n<\/ul><\/li>\n\n\n\n<li><ul>&#13;\n \t<li>los datos particulares pertinentes y requeridos (por ejemplo: situaci\u00f3n de discapacidad) proporcionados en el CV y la carta de presentaci\u00f3n del candidato se conservan durante todo el proceso de reclutamiento y se eliminan al final del proceso de reclutamiento.<\/li>&#13;\n<\/ul><\/li>\n\n\n\n<li><ul>&#13;\n \t<li>los documentos de identidad (por ejemplo: pasaporte o tarjeta de identidad) proporcionados en el proceso de reclutamiento se eliminan despu\u00e9s de la decisi\u00f3n de contrataci\u00f3n, ya sea que el candidato sea contratado o no.<\/li>&#13;\n<\/ul><\/li>\n\n\n\n<li><ul>&#13;\n \t<li>si ha presentado su candidatura a trav\u00e9s de nuestro sitio web, los datos de conexi\u00f3n (por ejemplo: direcci\u00f3n IP y registros) se conservan durante un per\u00edodo m\u00e1ximo de 12 meses.<\/li>&#13;\n<\/ul><\/li>\n<\/ul>\n\n<p>Al vencimiento de los plazos de conservaci\u00f3n aplicables, la eliminaci\u00f3n de sus datos personales es irreversible y no podremos proporcion\u00e1rselos una vez transcurrido dicho plazo. Como m\u00e1ximo, solo podremos conservar datos an\u00f3nimos con fines estad\u00edsticos. Sin embargo, en caso de contrataci\u00f3n, los datos recopilados durante el proceso de reclutamiento se transfieren autom\u00e1ticamente a su expediente personal y quedan sujetos a la Pol\u00edtica de Privacidad de Datos de los empleados. Tenga en cuenta tambi\u00e9n que, en caso de litigio, estamos obligados a conservar todos los datos personales que le conciernen durante todo el tiempo que dure el caso, incluso despu\u00e9s del vencimiento de los plazos de conservaci\u00f3n descritos anteriormente.<\/p>\n\n<p>\u00a0<\/p>\n\n<p>\u00a0<\/p>\n\n<h2 class=\"wp-block-heading\">\u00bfQu\u00e9 derechos tiene para controlar el uso de sus datos personales? <\/h2>\n\n<p>La normativa aplicable en materia de protecci\u00f3n de datos le otorga derechos espec\u00edficos que puede ejercer en cualquier momento y de forma gratuita para controlar el uso que hacemos de sus datos:<\/p>\n\n<ul class=\"wp-block-list\">\n<li><ul>&#13;\n \t<li>Derecho de acceso y copia de sus datos personales, siempre que esta solicitud no contravenga el secreto empresarial, la confidencialidad o el secreto de las comunicaciones.<\/li>&#13;\n<\/ul><\/li>\n\n\n\n<li><ul>&#13;\n \t<li>Derecho a rectificar datos personales que sean incorrectos, obsoletos o incompletos.<\/li>&#13;\n<\/ul><\/li>\n\n\n\n<li><ul>&#13;\n \t<li>Derecho a oponerse al tratamiento de sus datos personales con fines de prospecci\u00f3n comercial.<\/li>&#13;\n<\/ul><\/li>\n\n\n\n<li><ul>&#13;\n \t<li>Derecho a solicitar la eliminaci\u00f3n (&#8220;derecho al olvido&#8221;) de sus datos personales que no sean esenciales para el correcto funcionamiento de nuestros servicios.<\/li>&#13;\n<\/ul><\/li>\n\n\n\n<li><ul>&#13;\n \t<li>Derecho a la limitaci\u00f3n de sus datos personales, lo que permite documentar el uso de sus datos en caso de disputa sobre la legitimidad de un tratamiento.<\/li>&#13;\n<\/ul><\/li>\n\n\n\n<li>Droit \u00e0 la <strong>portabilit\u00e9<\/strong> de vos donn\u00e9es qui vous permet de r\u00e9cup\u00e9rer une partie de vos donn\u00e9es personnelles afin de les stocker ou les transmettre facilement d\u2019un syst\u00e8me d\u2019information \u00e0 un autre.<\/li>\n\n\n\n<li>Derecho a dar instrucciones sobre el destino de sus datos en caso de fallecimiento, ya sea directamente a trav\u00e9s de usted o a trav\u00e9s de un tercero de confianza o un heredero.<\/li>\n<\/ul>\n\n<p>Para que una solicitud sea tenida en cuenta, es imprescindible que la realice directamente a la direcci\u00f3n dpo@potez.com. Cualquier solicitud que no se realice de esta manera no puede ser procesada. Las solicitudes no pueden provenir de ninguna otra persona que no sea usted. Por lo tanto, podemos solicitar una prueba de identidad si hay dudas sobre la identidad del solicitante. Responderemos a su solicitud lo antes posible, con un plazo m\u00e1ximo de tres meses a partir de su recepci\u00f3n, en caso de que la solicitud sea t\u00e9cnicamente compleja o si recibimos numerosas solicitudes al mismo tiempo. Tenga en cuenta que siempre podemos negarnos a responder a cualquier solicitud excesiva o infundada, especialmente en cuanto a su car\u00e1cter repetitivo.<\/p>\n\n<p>\u00a0<\/p>\n\n<p>\u00a0<\/p>\n\n<p>\u00a0<\/p>\n\n<h2 class=\"wp-block-heading\">\u00bfQui\u00e9n puede tener acceso a sus datos personales? <\/h2>\n\n<p>Sus datos personales son tratados por nuestros equipos \u00fanicamente con el fin de gestionar las candidaturas.<\/p>\n\n<h2 class=\"wp-block-heading\">\u00bfPueden sus datos personales ser transferidos fuera de la Uni\u00f3n Europea?<\/h2>\n\n<p>Los datos personales tratados en el contexto de los reclutamientos se alojan exclusivamente dentro de la Uni\u00f3n Europea.<\/p>\n\n<h2 class=\"wp-block-heading\">\u00bfC\u00f3mo protegemos sus datos personales?<\/h2>\n\n<p>Implementamos todos los medios t\u00e9cnicos y organizativos necesarios para garantizar la seguridad de sus datos a diario y, en particular, para prevenir cualquier riesgo de destrucci\u00f3n, p\u00e9rdida, alteraci\u00f3n o divulgaci\u00f3n no autorizada de sus datos (por ejemplo: accesos seguros, antivirus, etc.).<\/p>\n\n<h2 class=\"wp-block-heading\">\u00bfCon qui\u00e9n puede ponerse en contacto para obtener m\u00e1s informaci\u00f3n?<\/h2>\n\n<p>Nuestro Delegado de Protecci\u00f3n de Datos (&#8220;DPO&#8221;) est\u00e1 siempre a su disposici\u00f3n para explicarle con m\u00e1s detalle c\u00f3mo tratamos sus datos y para responder a sus preguntas sobre el tema en la siguiente direcci\u00f3n: dpo@potez.com.<\/p>\n\n<h2 class=\"wp-block-heading\">\u00bfC\u00f3mo puede ponerse en contacto con la CNIL?<\/h2>\n\n<p>Puede ponerse en contacto en cualquier momento con la &#8220;Commission nationale de l&#8217;informatique et des libert\u00e9s&#8221; o &#8220;CNIL&#8221; en las siguientes coordenadas: Servicio de Quejas de la CNIL, 3 Place de Fontenoy \u2013 TSA 80751, 75334 Par\u00eds Cedex 07 o por tel\u00e9fono al 01.53.73.22.22.<\/p>\n\n<h2 class=\"wp-block-heading\">  <\/h2>\n\n<p>\u00a0<\/p>\n\n<p>\u00bfCu\u00e1l es la utilidad de nuestra Pol\u00edtica de Privacidad? <\/p>\n\n<p>La confidencialidad de los datos personales de los candidatos a un puesto en SAS POTEZ AERONAUTIQUE representa, para nosotros, una garant\u00eda de seriedad y confianza. En este sentido, nuestra Pol\u00edtica de Privacidad de los datos personales refleja precisamente nuestro compromiso de respetar, en SAS POTEZ AERONAUTIQUE, las normas aplicables en materia de protecci\u00f3n de datos personales, especialmente las del Reglamento General de Protecci\u00f3n de Datos (&#8220;RGPD&#8221;). En particular, nuestra Pol\u00edtica de Privacidad tiene como objetivo informarle sobre c\u00f3mo y por qu\u00e9 tratamos sus datos personales en el marco de los servicios que le brindamos.<\/p>\n\n<p>\u00a0<\/p>\n\n<p>\u00a0<\/p>\n\n<h2 class=\"wp-block-heading\">\u00bfA qui\u00e9n est\u00e1 dirigida nuestra Pol\u00edtica de Privacidad? <\/h2>\n\n<p>La Politique de confidentialit\u00e9 s\u2019adresse \u00e0 <strong>vous<\/strong>, qui \u00eates candidat \u00e0 un poste au sein de SAS POTEZ AERONAUTIQUE, pendant tout le <strong>processus de recrutement<\/strong> (ex : candidature \u00e0 une offre, candidature spontan\u00e9e, recrutement via un cabinet e&#13;\n&#13;\nLa Pol\u00edtica de Privacidad est\u00e1 dirigida a usted, que es candidato a un puesto en SAS POTEZ AERONAUTIQUE, durante todo el proceso de reclutamiento (por ejemplo: candidatura a una oferta, candidatura espont\u00e1nea, reclutamiento a trav\u00e9s de una agencia externa, etc.), independientemente de la duraci\u00f3n o naturaleza del contrato propuesto (por ejemplo: puesto de empleado, trabajador temporal, pasante, etc.).&#13;\n&#13;\nxterne, etc.), quelle que soit la dur\u00e9e ou la nature du contrat propos\u00e9 (ex : poste de salari\u00e9, int\u00e9rimaire, stagiaire, etc.).<\/p>\n\n<h2 class=\"wp-block-heading\">\u00bfPor qu\u00e9 tratamos sus datos personales y en qu\u00e9 fundamento? <\/h2>\n\n<p>Como reclutadores, estamos necesariamente obligados a tratar sus datos para gestionar los reclutamientos (por ejemplo: entrevistas, tratamiento de candidaturas, negociaci\u00f3n salarial, etc.), los posibles desplazamientos que puedan tener lugar en el marco de estos reclutamientos y la seguridad de nuestras instalaciones. Los tratamientos se realizan sobre la base de las discusiones que mantenemos con usted durante el proceso de reclutamiento y de nuestro inter\u00e9s leg\u00edtimo en reclutar y seleccionar candidatos.<\/p>\n\n<p>\u00a0<\/p>\n\n<h2 class=\"wp-block-heading\">\u00bfC\u00f3mo obtuvimos sus datos personales? <\/h2>\n\n<p>Sus datos se recopilan directamente de usted a trav\u00e9s de su candidatura y su CV, y nos comprometemos a tratarlos \u00fanicamente para los fines descritos anteriormente. Sin embargo, tambi\u00e9n podemos obtener sus datos personales indirectamente de agencias de reclutamiento si ha dado su consentimiento previo a estas.<\/p>\n\n<p> <\/p>\n\n<h2 class=\"wp-block-heading\">  <\/h2>\n\n<p>\u00bfQu\u00e9 datos personales tratamos y durante cu\u00e1nto tiempo? <\/p>\n\n<ul class=\"wp-block-list\">\n<li><ul>&#13;\n \t<li>los datos de identificaci\u00f3n personal y profesional proporcionados en el CV y la carta de presentaci\u00f3n del candidato (por ejemplo: nombre, apellido, fecha de nacimiento, nacionalidad, etc.) se conservan durante todo el proceso de reclutamiento y por un per\u00edodo m\u00e1ximo de 2 a\u00f1os despu\u00e9s de su candidatura.<\/li>&#13;\n<\/ul><\/li>\n\n\n\n<li><ul>&#13;\n \t<li>los datos de contacto proporcionados en el CV y la carta de presentaci\u00f3n del candidato (por ejemplo: correo electr\u00f3nico, tel\u00e9fono, enlace de LinkedIn, etc.) se conservan durante todo el proceso de reclutamiento y por un per\u00edodo m\u00e1ximo de 2 a\u00f1os despu\u00e9s de su candidatura.<\/li>&#13;\n<\/ul><\/li>\n\n\n\n<li><ul>&#13;\n \t<li>los datos relacionados con la vida personal y profesional proporcionados en el CV y la carta de presentaci\u00f3n del candidato (por ejemplo: diplomas, pasatiempos, certificados, edad, estado civil, carnet de conducir, etc.) se conservan durante todo el proceso de reclutamiento y por un per\u00edodo m\u00e1ximo de 2 a\u00f1os despu\u00e9s de su candidatura.<\/li>&#13;\n<\/ul><\/li>\n\n\n\n<li><ul>&#13;\n \t<li>los datos econ\u00f3micos y financieros (por ejemplo: salarios, bonificaciones, etc.) proporcionados durante las entrevistas de trabajo se conservan durante todo el proceso de reclutamiento y por un per\u00edodo m\u00e1ximo de 2 a\u00f1os despu\u00e9s de su candidatura.<\/li>&#13;\n<\/ul><\/li>\n\n\n\n<li><ul>&#13;\n \t<li>los datos espec\u00edficos (por ejemplo: permiso de residencia, etc.) proporcionados por el candidato en el marco del reclutamiento se conservan hasta el final de la relaci\u00f3n laboral en caso de contrataci\u00f3n y se eliminan despu\u00e9s del proceso de reclutamiento en caso de rechazo.<\/li>&#13;\n<\/ul><\/li>\n\n\n\n<li><ul>&#13;\n \t<li>los datos particulares pertinentes y requeridos (por ejemplo: situaci\u00f3n de discapacidad) proporcionados en el CV y la carta de presentaci\u00f3n del candidato se conservan durante todo el proceso de reclutamiento y se eliminan al final del proceso de reclutamiento.<\/li>&#13;\n<\/ul><\/li>\n\n\n\n<li><ul>&#13;\n \t<li>los documentos de identidad (por ejemplo: pasaporte o tarjeta de identidad) proporcionados en el proceso de reclutamiento se eliminan despu\u00e9s de la decisi\u00f3n de contrataci\u00f3n, ya sea que el candidato sea contratado o no.<\/li>&#13;\n<\/ul><\/li>\n\n\n\n<li><ul>&#13;\n \t<li>si ha presentado su candidatura a trav\u00e9s de nuestro sitio web, los datos de conexi\u00f3n (por ejemplo: direcci\u00f3n IP y registros) se conservan durante un per\u00edodo m\u00e1ximo de 12 meses.<\/li>&#13;\n<\/ul><\/li>\n<\/ul>\n\n<p>Al vencimiento de los plazos de conservaci\u00f3n aplicables, la eliminaci\u00f3n de sus datos personales es irreversible y no podremos proporcion\u00e1rselos una vez transcurrido dicho plazo. Como m\u00e1ximo, solo podremos conservar datos an\u00f3nimos con fines estad\u00edsticos. Sin embargo, en caso de contrataci\u00f3n, los datos recopilados durante el proceso de reclutamiento se transfieren autom\u00e1ticamente a su expediente personal y quedan sujetos a la Pol\u00edtica de Privacidad de Datos de los empleados. Tenga en cuenta tambi\u00e9n que, en caso de litigio, estamos obligados a conservar todos los datos personales que le conciernen durante todo el tiempo que dure el caso, incluso despu\u00e9s del vencimiento de los plazos de conservaci\u00f3n descritos anteriormente.<\/p>\n\n<p>\u00a0<\/p>\n\n<p>\u00a0<\/p>\n\n<h2 class=\"wp-block-heading\">\u00bfQu\u00e9 derechos tiene para controlar el uso de sus datos personales? <\/h2>\n\n<p>La normativa aplicable en materia de protecci\u00f3n de datos le otorga derechos espec\u00edficos que puede ejercer en cualquier momento y de forma gratuita para controlar el uso que hacemos de sus datos:<\/p>\n\n<ul class=\"wp-block-list\">\n<li><ul>&#13;\n \t<li>Derecho de acceso y copia de sus datos personales, siempre que esta solicitud no contravenga el secreto empresarial, la confidencialidad o el secreto de las comunicaciones.<\/li>&#13;\n<\/ul><\/li>\n\n\n\n<li><ul>&#13;\n \t<li>Derecho a rectificar datos personales que sean incorrectos, obsoletos o incompletos.<\/li>&#13;\n<\/ul><\/li>\n\n\n\n<li><ul>&#13;\n \t<li>Derecho a oponerse al tratamiento de sus datos personales con fines de prospecci\u00f3n comercial.<\/li>&#13;\n<\/ul><\/li>\n\n\n\n<li><ul>&#13;\n \t<li>Derecho a solicitar la eliminaci\u00f3n (&#8220;derecho al olvido&#8221;) de sus datos personales que no sean esenciales para el correcto funcionamiento de nuestros servicios.<\/li>&#13;\n<\/ul><\/li>\n\n\n\n<li><ul>&#13;\n \t<li>Derecho a la limitaci\u00f3n de sus datos personales, lo que permite documentar el uso de sus datos en caso de disputa sobre la legitimidad de un tratamiento.<\/li>&#13;\n<\/ul><\/li>\n\n\n\n<li>Droit \u00e0 la <strong>portabilit\u00e9<\/strong> de vos donn\u00e9es qui vous permet de r\u00e9cup\u00e9rer une partie de vos donn\u00e9es personnelles afin de les stocker ou les transmettre facilement d\u2019un syst\u00e8me d\u2019information \u00e0 un autre.<\/li>\n\n\n\n<li>Derecho a dar instrucciones sobre el destino de sus datos en caso de fallecimiento, ya sea directamente a trav\u00e9s de usted o a trav\u00e9s de un tercero de confianza o un heredero.<\/li>\n<\/ul>\n\n<p>Para que una solicitud sea tenida en cuenta, es imprescindible que la realice directamente a la direcci\u00f3n dpo@potez.com. Cualquier solicitud que no se realice de esta manera no puede ser procesada. Las solicitudes no pueden provenir de ninguna otra persona que no sea usted. Por lo tanto, podemos solicitar una prueba de identidad si hay dudas sobre la identidad del solicitante. Responderemos a su solicitud lo antes posible, con un plazo m\u00e1ximo de tres meses a partir de su recepci\u00f3n, en caso de que la solicitud sea t\u00e9cnicamente compleja o si recibimos numerosas solicitudes al mismo tiempo. Tenga en cuenta que siempre podemos negarnos a responder a cualquier solicitud excesiva o infundada, especialmente en cuanto a su car\u00e1cter repetitivo.<\/p>\n\n<p>\u00a0<\/p>\n\n<p>\u00a0<\/p>\n\n<p>\u00a0<\/p>\n\n<h2 class=\"wp-block-heading\">\u00bfQui\u00e9n puede tener acceso a sus datos personales? <\/h2>\n\n<p>Sus datos personales son tratados por nuestros equipos \u00fanicamente con el fin de gestionar las candidaturas.<\/p>\n\n<h2 class=\"wp-block-heading\">\u00bfPueden sus datos personales ser transferidos fuera de la Uni\u00f3n Europea?<\/h2>\n\n<p>Los datos personales tratados en el contexto de los reclutamientos se alojan exclusivamente dentro de la Uni\u00f3n Europea.<\/p>\n\n<h2 class=\"wp-block-heading\">\u00bfC\u00f3mo protegemos sus datos personales?<\/h2>\n\n<p>Implementamos todos los medios t\u00e9cnicos y organizativos necesarios para garantizar la seguridad de sus datos a diario y, en particular, para prevenir cualquier riesgo de destrucci\u00f3n, p\u00e9rdida, alteraci\u00f3n o divulgaci\u00f3n no autorizada de sus datos (por ejemplo: accesos seguros, antivirus, etc.).<\/p>\n\n<h2 class=\"wp-block-heading\">\u00bfCon qui\u00e9n puede ponerse en contacto para obtener m\u00e1s informaci\u00f3n?<\/h2>\n\n<p>Nuestro Delegado de Protecci\u00f3n de Datos (&#8220;DPO&#8221;) est\u00e1 siempre a su disposici\u00f3n para explicarle con m\u00e1s detalle c\u00f3mo tratamos sus datos y para responder a sus preguntas sobre el tema en la siguiente direcci\u00f3n: dpo@potez.com.<\/p>\n\n<h2 class=\"wp-block-heading\">\u00bfC\u00f3mo puede ponerse en contacto con la CNIL?<\/h2>\n\n<p>Puede ponerse en contacto en cualquier momento con la &#8220;Commission nationale de l&#8217;informatique et des libert\u00e9s&#8221; o &#8220;CNIL&#8221; en las siguientes coordenadas: Servicio de Quejas de la CNIL, 3 Place de Fontenoy \u2013 TSA 80751, 75334 Par\u00eds Cedex 07 o por tel\u00e9fono al 01.53.73.22.22.<\/p>\n\n<p>  <\/p>\n\n<p><em>Certifi\u00e9 conforme par Dipeeo \u00ae\u00a0<\/em><\/p>\n\n<p><\/p>\n","protected":false},"excerpt":{"rendered":"<p>Introduction Potez A\u00e9ronautique es un fabricante de aeroestructuras complejas y elementos de acondicionamiento de cabinas.&#13; &#13; La protecci\u00f3n de sus datos personales est\u00e1 en el centro de nuestras preocupaciones. Hacemos todo lo posible para proteger sus datos personales, de conformidad con la Ley de Protecci\u00f3n de Datos (Lil) y el Reglamento General de Protecci\u00f3n de [&hellip;]<\/p>\n","protected":false},"author":2,"featured_media":0,"parent":0,"menu_order":0,"comment_status":"closed","ping_status":"closed","template":"","meta":{"_acf_changed":false,"footnotes":""},"class_list":["post-3800","page","type-page","status-publish","hentry"],"acf":[],"yoast_head":"<!-- This site is optimized with the Yoast SEO plugin v27.5 - https:\/\/yoast.com\/product\/yoast-seo-wordpress\/ -->\n<title>Pol\u00edtica de confidencialidad &#187; Potez A\u00e9ronautique<\/title>\n<meta name=\"description\" content=\"Pol\u00edtica de confidencialidad &#187; Potez A\u00e9ronautique\" \/>\n<meta name=\"robots\" content=\"index, follow, max-snippet:-1, max-image-preview:large, max-video-preview:-1\" \/>\n<link rel=\"canonical\" href=\"https:\/\/www.potez.com\/es\/politica-de-confidencialidad\/\" \/>\n<meta property=\"og:locale\" content=\"es_ES\" \/>\n<meta property=\"og:type\" content=\"article\" \/>\n<meta property=\"og:title\" content=\"Pol\u00edtica de confidencialidad &#187; Potez A\u00e9ronautique\" \/>\n<meta property=\"og:description\" content=\"Pol\u00edtica de confidencialidad &#187; Potez A\u00e9ronautique\" \/>\n<meta property=\"og:url\" content=\"https:\/\/www.potez.com\/es\/politica-de-confidencialidad\/\" \/>\n<meta property=\"og:site_name\" content=\"Potez A\u00e9ronautique\" \/>\n<meta property=\"article:modified_time\" content=\"2024-09-12T09:52:56+00:00\" \/>\n<meta name=\"twitter:card\" content=\"summary_large_image\" \/>\n<meta name=\"twitter:label1\" content=\"Tiempo de lectura\" \/>\n\t<meta name=\"twitter:data1\" content=\"31 minutos\" \/>\n<script type=\"application\/ld+json\" class=\"yoast-schema-graph\">{\"@context\":\"https:\\\/\\\/schema.org\",\"@graph\":[{\"@type\":\"WebPage\",\"@id\":\"https:\\\/\\\/www.potez.com\\\/es\\\/politica-de-confidencialidad\\\/\",\"url\":\"https:\\\/\\\/www.potez.com\\\/es\\\/politica-de-confidencialidad\\\/\",\"name\":\"Pol\u00edtica de confidencialidad &#187; Potez A\u00e9ronautique\",\"isPartOf\":{\"@id\":\"https:\\\/\\\/www.potez.com\\\/es\\\/#website\"},\"datePublished\":\"2022-03-14T15:54:58+00:00\",\"dateModified\":\"2024-09-12T09:52:56+00:00\",\"description\":\"Pol\u00edtica de confidencialidad &#187; Potez A\u00e9ronautique\",\"breadcrumb\":{\"@id\":\"https:\\\/\\\/www.potez.com\\\/es\\\/politica-de-confidencialidad\\\/#breadcrumb\"},\"inLanguage\":\"es\",\"potentialAction\":[{\"@type\":\"ReadAction\",\"target\":[\"https:\\\/\\\/www.potez.com\\\/es\\\/politica-de-confidencialidad\\\/\"]}]},{\"@type\":\"BreadcrumbList\",\"@id\":\"https:\\\/\\\/www.potez.com\\\/es\\\/politica-de-confidencialidad\\\/#breadcrumb\",\"itemListElement\":[{\"@type\":\"ListItem\",\"position\":1,\"name\":\"HOME\",\"item\":\"https:\\\/\\\/www.potez.com\\\/es\\\/\"},{\"@type\":\"ListItem\",\"position\":2,\"name\":\"Pol\u00edtica de confidencialidad\"}]},{\"@type\":\"WebSite\",\"@id\":\"https:\\\/\\\/www.potez.com\\\/es\\\/#website\",\"url\":\"https:\\\/\\\/www.potez.com\\\/es\\\/\",\"name\":\"Potez A\u00e9ronautique\",\"description\":\"L&#039;innovation en h\u00e9ritage\",\"potentialAction\":[{\"@type\":\"SearchAction\",\"target\":{\"@type\":\"EntryPoint\",\"urlTemplate\":\"https:\\\/\\\/www.potez.com\\\/es\\\/?s={search_term_string}\"},\"query-input\":{\"@type\":\"PropertyValueSpecification\",\"valueRequired\":true,\"valueName\":\"search_term_string\"}}],\"inLanguage\":\"es\"}]}<\/script>\n<!-- \/ Yoast SEO plugin. -->","yoast_head_json":{"title":"Pol\u00edtica de confidencialidad &#187; Potez A\u00e9ronautique","description":"Pol\u00edtica de confidencialidad &#187; Potez A\u00e9ronautique","robots":{"index":"index","follow":"follow","max-snippet":"max-snippet:-1","max-image-preview":"max-image-preview:large","max-video-preview":"max-video-preview:-1"},"canonical":"https:\/\/www.potez.com\/es\/politica-de-confidencialidad\/","og_locale":"es_ES","og_type":"article","og_title":"Pol\u00edtica de confidencialidad &#187; Potez A\u00e9ronautique","og_description":"Pol\u00edtica de confidencialidad &#187; Potez A\u00e9ronautique","og_url":"https:\/\/www.potez.com\/es\/politica-de-confidencialidad\/","og_site_name":"Potez A\u00e9ronautique","article_modified_time":"2024-09-12T09:52:56+00:00","twitter_card":"summary_large_image","twitter_misc":{"Tiempo de lectura":"31 minutos"},"schema":{"@context":"https:\/\/schema.org","@graph":[{"@type":"WebPage","@id":"https:\/\/www.potez.com\/es\/politica-de-confidencialidad\/","url":"https:\/\/www.potez.com\/es\/politica-de-confidencialidad\/","name":"Pol\u00edtica de confidencialidad &#187; Potez A\u00e9ronautique","isPartOf":{"@id":"https:\/\/www.potez.com\/es\/#website"},"datePublished":"2022-03-14T15:54:58+00:00","dateModified":"2024-09-12T09:52:56+00:00","description":"Pol\u00edtica de confidencialidad &#187; Potez A\u00e9ronautique","breadcrumb":{"@id":"https:\/\/www.potez.com\/es\/politica-de-confidencialidad\/#breadcrumb"},"inLanguage":"es","potentialAction":[{"@type":"ReadAction","target":["https:\/\/www.potez.com\/es\/politica-de-confidencialidad\/"]}]},{"@type":"BreadcrumbList","@id":"https:\/\/www.potez.com\/es\/politica-de-confidencialidad\/#breadcrumb","itemListElement":[{"@type":"ListItem","position":1,"name":"HOME","item":"https:\/\/www.potez.com\/es\/"},{"@type":"ListItem","position":2,"name":"Pol\u00edtica de confidencialidad"}]},{"@type":"WebSite","@id":"https:\/\/www.potez.com\/es\/#website","url":"https:\/\/www.potez.com\/es\/","name":"Potez A\u00e9ronautique","description":"L&#039;innovation en h\u00e9ritage","potentialAction":[{"@type":"SearchAction","target":{"@type":"EntryPoint","urlTemplate":"https:\/\/www.potez.com\/es\/?s={search_term_string}"},"query-input":{"@type":"PropertyValueSpecification","valueRequired":true,"valueName":"search_term_string"}}],"inLanguage":"es"}]}},"_links":{"self":[{"href":"https:\/\/www.potez.com\/es\/wp-json\/wp\/v2\/pages\/3800","targetHints":{"allow":["GET"]}}],"collection":[{"href":"https:\/\/www.potez.com\/es\/wp-json\/wp\/v2\/pages"}],"about":[{"href":"https:\/\/www.potez.com\/es\/wp-json\/wp\/v2\/types\/page"}],"author":[{"embeddable":true,"href":"https:\/\/www.potez.com\/es\/wp-json\/wp\/v2\/users\/2"}],"replies":[{"embeddable":true,"href":"https:\/\/www.potez.com\/es\/wp-json\/wp\/v2\/comments?post=3800"}],"version-history":[{"count":3,"href":"https:\/\/www.potez.com\/es\/wp-json\/wp\/v2\/pages\/3800\/revisions"}],"predecessor-version":[{"id":6085,"href":"https:\/\/www.potez.com\/es\/wp-json\/wp\/v2\/pages\/3800\/revisions\/6085"}],"wp:attachment":[{"href":"https:\/\/www.potez.com\/es\/wp-json\/wp\/v2\/media?parent=3800"}],"curies":[{"name":"wp","href":"https:\/\/api.w.org\/{rel}","templated":true}]}}